{"id":19472,"date":"2025-07-29T10:42:38","date_gmt":"2025-07-29T10:42:38","guid":{"rendered":"https:\/\/immofacile.ma\/index.php\/property\/appartement-a-vendre-bd-abdelmoumen\/"},"modified":"2025-08-01T08:42:31","modified_gmt":"2025-08-01T08:42:31","slug":"appartement-a-vendre-bd-abdelmoumen","status":"publish","type":"property","link":"https:\/\/immofacile.ma\/index.php\/property\/appartement-a-vendre-bd-abdelmoumen\/","title":{"rendered":"Appartement \u00e0 vendre bd Abdelmoumen"},"content":{"rendered":"<p data-start=\"441\" data-end=\"633\">\ud83d\udccd <strong data-start=\"444\" data-end=\"492\">\u00c0 vendre \u00e0 Casablanca, Boulevard Abdelmoumen<\/strong>, un <strong data-start=\"497\" data-end=\"521\">appartement lumineux<\/strong> et polyvalent, id\u00e9al aussi bien pour un <strong data-start=\"562\" data-end=\"602\">usage d\u2019habitation que professionnel<\/strong> (cabinet, bureau, lib\u00e9ral\u2026).<\/p>\n<p data-start=\"635\" data-end=\"785\">Situ\u00e9 au <strong data-start=\"644\" data-end=\"671\">2\u1d49 \u00e9tage avec ascenseur<\/strong>, cet appartement d\u2019une superficie <strong data-start=\"706\" data-end=\"726\">totale de 127 m\u00b2<\/strong> (dont <strong data-start=\"733\" data-end=\"773\">118 m\u00b2 habitables + 9 m\u00b2 de terrasse<\/strong>) comprend :<\/p>\n<ul data-start=\"786\" data-end=\"966\">\n<li data-start=\"786\" data-end=\"802\">\n<p data-start=\"788\" data-end=\"802\"><strong data-start=\"788\" data-end=\"802\">2 chambres<\/strong><\/p>\n<\/li>\n<li data-start=\"803\" data-end=\"816\">\n<p data-start=\"805\" data-end=\"816\"><strong data-start=\"805\" data-end=\"816\">1 salon<\/strong><\/p>\n<\/li>\n<li data-start=\"817\" data-end=\"831\">\n<p data-start=\"819\" data-end=\"831\"><strong data-start=\"819\" data-end=\"831\">1 s\u00e9jour<\/strong><\/p>\n<\/li>\n<li data-start=\"832\" data-end=\"847\">\n<p data-start=\"834\" data-end=\"847\"><strong data-start=\"834\" data-end=\"847\">1 cuisine<\/strong><\/p>\n<\/li>\n<li data-start=\"848\" data-end=\"869\">\n<p data-start=\"850\" data-end=\"869\"><strong data-start=\"850\" data-end=\"869\">1 salle de bain<\/strong><\/p>\n<\/li>\n<li data-start=\"870\" data-end=\"884\">\n<p data-start=\"872\" data-end=\"884\"><strong data-start=\"872\" data-end=\"884\">1 balcon<\/strong><\/p>\n<\/li>\n<li data-start=\"885\" data-end=\"901\">\n<p data-start=\"887\" data-end=\"901\"><strong data-start=\"887\" data-end=\"901\">1 terrasse<\/strong><\/p>\n<\/li>\n<li data-start=\"902\" data-end=\"966\">\n<p data-start=\"904\" data-end=\"966\"><strong data-start=\"904\" data-end=\"926\">1 place de parking<\/strong> (non titr\u00e9e mais clairement identifi\u00e9e)<\/p>\n<\/li>\n<\/ul>\n<p data-start=\"968\" data-end=\"1179\">\ud83d\udccd \u00c0 proximit\u00e9 imm\u00e9diate de la <strong data-start=\"999\" data-end=\"1022\">Facult\u00e9 de M\u00e9decine<\/strong>, dans un immeuble <strong data-start=\"1041\" data-end=\"1053\">s\u00e9curis\u00e9<\/strong>, cet appartement repr\u00e9sente une <strong data-start=\"1086\" data-end=\"1106\">opportunit\u00e9 rare<\/strong> pour les professions lib\u00e9rales ou un investissement locatif strat\u00e9gique.<\/p>\n<hr data-start=\"1181\" data-end=\"1184\" \/>\n<h3 data-section-id=\"1hnbiou\" data-start=\"1186\" data-end=\"1225\">\u27a4 <strong data-start=\"1192\" data-end=\"1225\">Caract\u00e9ristiques d\u00e9taill\u00e9es :<\/strong><\/h3>\n<p data-start=\"1227\" data-end=\"1354\">\ud83c\udfd9\ufe0f <strong data-start=\"1231\" data-end=\"1240\">Ville<\/strong> : Casablanca<br data-start=\"1253\" data-end=\"1256\" \/>\ud83d\udccc <strong data-start=\"1259\" data-end=\"1271\">Quartier<\/strong> : Boulevard Abdelmoumen<br data-start=\"1295\" data-end=\"1298\" \/>\ud83c\udfe2 <strong data-start=\"1301\" data-end=\"1310\">\u00c9tage<\/strong> : 2\u1d49 avec ascenseur<br data-start=\"1330\" data-end=\"1333\" \/>\ud83d\udcd0 <strong data-start=\"1336\" data-end=\"1350\">Superficie<\/strong> :<\/p>\n<ul data-start=\"1355\" data-end=\"1684\">\n<li data-start=\"1355\" data-end=\"1376\">\n<p data-start=\"1357\" data-end=\"1376\">118 m\u00b2 habitables<\/p>\n<\/li>\n<li data-start=\"1377\" data-end=\"1684\">\n<p data-start=\"1379\" data-end=\"1684\">9 m\u00b2 de terrasse<br data-start=\"1395\" data-end=\"1398\" \/>\ud83d\udecf\ufe0f <strong data-start=\"1402\" data-end=\"1414\">Chambres<\/strong> : 2<br data-start=\"1418\" data-end=\"1421\" \/>\ud83d\udecb\ufe0f <strong data-start=\"1425\" data-end=\"1443\">Salon + s\u00e9jour<\/strong><br data-start=\"1443\" data-end=\"1446\" \/>\ud83c\udf7d\ufe0f <strong data-start=\"1450\" data-end=\"1474\">Cuisine ind\u00e9pendante<\/strong><br data-start=\"1474\" data-end=\"1477\" \/>\ud83d\udec1 <strong data-start=\"1480\" data-end=\"1497\">Salle de bain<\/strong><br data-start=\"1497\" data-end=\"1500\" \/>\ud83d\ude97 <strong data-start=\"1503\" data-end=\"1514\">Parking<\/strong> : place non titr\u00e9e mais identifi\u00e9e<br data-start=\"1549\" data-end=\"1552\" \/>\ud83d\udd10 <strong data-start=\"1555\" data-end=\"1567\">S\u00e9curit\u00e9<\/strong> : immeuble s\u00e9curis\u00e9<br data-start=\"1587\" data-end=\"1590\" \/>\ud83e\uddfe <strong data-start=\"1593\" data-end=\"1608\">Usage mixte<\/strong> : habitation + professionnel<br data-start=\"1637\" data-end=\"1640\" \/>\ud83d\udcb0 <strong data-start=\"1643\" data-end=\"1651\">Prix<\/strong> : <strong data-start=\"1654\" data-end=\"1684\">1.475.000 DHS (n\u00e9gociable)<\/strong><\/p>\n<\/li>\n<\/ul>\n<hr data-start=\"1686\" data-end=\"1689\" \/>\n<h3 data-section-id=\"livw9x\" data-start=\"1691\" data-end=\"1721\">\ud83c\udf1f <strong data-start=\"1698\" data-end=\"1721\">Les + \u00e0 valoriser :<\/strong><\/h3>\n<p data-start=\"1723\" data-end=\"1986\">\u2705 Emplacement <strong data-start=\"1737\" data-end=\"1762\">premium \u00e0 Abdelmoumen<\/strong><br data-start=\"1762\" data-end=\"1765\" \/>\u2705 <strong data-start=\"1767\" data-end=\"1790\">Proximit\u00e9 imm\u00e9diate<\/strong> de la facult\u00e9 de m\u00e9decine<br data-start=\"1816\" data-end=\"1819\" \/>\u2705 <strong data-start=\"1821\" data-end=\"1885\">Convient pour cabinet m\u00e9dical, bureau ou profession lib\u00e9rale<\/strong><br data-start=\"1885\" data-end=\"1888\" \/>\u2705 <strong data-start=\"1890\" data-end=\"1918\">Terrasse priv\u00e9e + balcon<\/strong><br data-start=\"1918\" data-end=\"1921\" \/>\u2705 R\u00e9sidence <strong data-start=\"1933\" data-end=\"1961\">s\u00e9curis\u00e9e avec ascenseur<\/strong><br data-start=\"1961\" data-end=\"1964\" \/>\u2705 <strong data-start=\"1966\" data-end=\"1986\">Bonne luminosit\u00e9<\/strong><\/p>\n<hr data-start=\"1988\" data-end=\"1991\" \/>\n<h3 data-section-id=\"1plhnv7\" data-start=\"1993\" data-end=\"2051\"><\/h3>\n","protected":false},"excerpt":{"rendered":"<p>\ud83d\udccd \u00c0 vendre \u00e0 Casablanca, Boulevard Abdelmoumen, un appartement lumineux et polyvalent, id\u00e9al aussi bien pour un usage d\u2019habitation que professionnel (cabinet, bureau, lib\u00e9ral\u2026). Situ\u00e9 au 2\u1d49 \u00e9tage avec ascenseur, cet appartement d\u2019une superficie totale de 127 m\u00b2 (dont 118 m\u00b2 habitables + 9 m\u00b2 de terrasse) comprend : 2 chambres 1 salon 1 s\u00e9jour [&hellip;]<\/p>\n","protected":false},"author":1,"featured_media":19457,"parent":0,"menu_order":0,"template":"","property_type":[28],"property_status":[46],"property_feature":[29,15,38],"property_label":[],"property_city":[26],"property_area":[383],"class_list":["post-19472","property","type-property","status-publish","has-post-thumbnail","hentry","property_type-appartement","property_status-vente","property_feature-ascenseur","property_feature-securite","property_feature-terasse","property_city-casablanca","property_area-bdabdelmoumen-casa"],"property_meta":{"fave_etage":["2"],"fave_propric3a9taire":["0665792248"],"fave_localisation":["https:\/\/maps.app.goo.gl\/EwnqV4qWx3qZoVBW7"],"fave_property_price":["1475000"],"fave_property_price_postfix":[""],"fave_show_price_placeholder":["0"],"fave_property_price_placeholder":[""],"fave_property_price_prefix":[""],"fave_property_size":["127"],"fave_property_bedrooms":["2"],"fave_property_rooms":["1"],"fave_property_bathrooms":["1"],"fave_property_garage":[""],"fave_virtual_tour":[""],"fave_property_year":[""],"fave_property_id":["19472"],"fave_video_url":[""],"fave_property_zip":[""],"additional_features":[""],"floor_plans":[""],"fave_multi_units":[""],"fave_featured":["0"],"houzez_featured_listing_date":[""],"fave_loggedintoview":["0"],"fave_mortgage_cal":["0"],"fave_property_disclaimer":[""],"fave_payment_status":["not_paid"],"fave_agent_display_option":["author_info"],"fave_property_map_address":[""],"fave_property_address":[""],"houzez_total_property_views":["97"],"houzez_views_by_date":["a:61:{s:10:\"08-18-2025\";i:1;s:10:\"08-23-2025\";i:3;s:10:\"08-31-2025\";i:1;s:10:\"09-01-2025\";i:2;s:10:\"09-03-2025\";i:2;s:10:\"09-11-2025\";i:1;s:10:\"09-14-2025\";i:1;s:10:\"09-16-2025\";i:1;s:10:\"09-23-2025\";i:1;s:10:\"09-25-2025\";i:1;s:10:\"09-28-2025\";i:1;s:10:\"10-03-2025\";i:1;s:10:\"10-06-2025\";i:1;s:10:\"10-12-2025\";i:1;s:10:\"10-13-2025\";i:1;s:10:\"10-19-2025\";i:1;s:10:\"10-26-2025\";i:1;s:10:\"10-28-2025\";i:2;s:10:\"10-30-2025\";i:1;s:10:\"10-31-2025\";i:1;s:10:\"11-01-2025\";i:1;s:10:\"11-05-2025\";i:1;s:10:\"11-07-2025\";i:3;s:10:\"11-09-2025\";i:1;s:10:\"11-10-2025\";i:1;s:10:\"11-12-2025\";i:1;s:10:\"11-13-2025\";i:4;s:10:\"11-16-2025\";i:1;s:10:\"11-18-2025\";i:3;s:10:\"11-20-2025\";i:2;s:10:\"11-22-2025\";i:2;s:10:\"11-23-2025\";i:1;s:10:\"12-06-2025\";i:1;s:10:\"12-10-2025\";i:1;s:10:\"12-14-2025\";i:1;s:10:\"12-19-2025\";i:1;s:10:\"12-20-2025\";i:2;s:10:\"12-25-2025\";i:1;s:10:\"12-26-2025\";i:1;s:10:\"12-30-2025\";i:2;s:10:\"01-02-2026\";i:1;s:10:\"01-04-2026\";i:1;s:10:\"01-09-2026\";i:1;s:10:\"01-10-2026\";i:1;s:10:\"01-16-2026\";i:3;s:10:\"01-18-2026\";i:1;s:10:\"01-26-2026\";i:1;s:10:\"01-27-2026\";i:2;s:10:\"02-04-2026\";i:1;s:10:\"02-05-2026\";i:1;s:10:\"02-06-2026\";i:1;s:10:\"02-26-2026\";i:2;s:10:\"02-28-2026\";i:1;s:10:\"03-09-2026\";i:1;s:10:\"03-18-2026\";i:1;s:10:\"03-22-2026\";i:1;s:10:\"04-07-2026\";i:1;s:10:\"04-15-2026\";i:1;s:10:\"04-16-2026\";i:1;s:10:\"04-23-2026\";i:1;s:10:\"04-27-2026\";i:1;}"],"houzez_recently_viewed":["2026-04-27 17:32:04"],"fave_property_images":["19457","19470","19458","19459","19460","19461","19462","19463","19464","19465","19466","19467","19468","19469","19471"],"_thumbnail_id":["19457"]},"_links":{"self":[{"href":"https:\/\/immofacile.ma\/index.php\/wp-json\/wp\/v2\/properties\/19472","targetHints":{"allow":["GET"]}}],"collection":[{"href":"https:\/\/immofacile.ma\/index.php\/wp-json\/wp\/v2\/properties"}],"about":[{"href":"https:\/\/immofacile.ma\/index.php\/wp-json\/wp\/v2\/types\/property"}],"author":[{"embeddable":true,"href":"https:\/\/immofacile.ma\/index.php\/wp-json\/wp\/v2\/users\/1"}],"version-history":[{"count":1,"href":"https:\/\/immofacile.ma\/index.php\/wp-json\/wp\/v2\/properties\/19472\/revisions"}],"predecessor-version":[{"id":19473,"href":"https:\/\/immofacile.ma\/index.php\/wp-json\/wp\/v2\/properties\/19472\/revisions\/19473"}],"wp:featuredmedia":[{"embeddable":true,"href":"https:\/\/immofacile.ma\/index.php\/wp-json\/wp\/v2\/media\/19457"}],"wp:attachment":[{"href":"https:\/\/immofacile.ma\/index.php\/wp-json\/wp\/v2\/media?parent=19472"}],"wp:term":[{"taxonomy":"property_type","embeddable":true,"href":"https:\/\/immofacile.ma\/index.php\/wp-json\/wp\/v2\/property_type?post=19472"},{"taxonomy":"property_status","embeddable":true,"href":"https:\/\/immofacile.ma\/index.php\/wp-json\/wp\/v2\/property_status?post=19472"},{"taxonomy":"property_feature","embeddable":true,"href":"https:\/\/immofacile.ma\/index.php\/wp-json\/wp\/v2\/property_feature?post=19472"},{"taxonomy":"property_label","embeddable":true,"href":"https:\/\/immofacile.ma\/index.php\/wp-json\/wp\/v2\/property_label?post=19472"},{"taxonomy":"property_city","embeddable":true,"href":"https:\/\/immofacile.ma\/index.php\/wp-json\/wp\/v2\/property_city?post=19472"},{"taxonomy":"property_area","embeddable":true,"href":"https:\/\/immofacile.ma\/index.php\/wp-json\/wp\/v2\/property_area?post=19472"}],"curies":[{"name":"wp","href":"https:\/\/api.w.org\/{rel}","templated":true}]}}